{"id":2263,"date":"2025-04-13T19:51:25","date_gmt":"2025-04-13T17:51:25","guid":{"rendered":"https:\/\/andre-evard.de\/mentions-legales\/"},"modified":"2025-10-12T21:00:20","modified_gmt":"2025-10-12T19:00:20","slug":"mentions-legales","status":"publish","type":"page","link":"https:\/\/andre-evard.de\/fr\/mentions-legales\/","title":{"rendered":"Mentions l\u00e9gales"},"content":{"rendered":"\t\t<div data-elementor-type=\"wp-page\" data-elementor-id=\"2263\" class=\"elementor elementor-2263 elementor-15\" data-elementor-post-type=\"page\">\n\t\t\t\t<div class=\"elementor-element elementor-element-ea5c78e e-flex e-con-boxed e-con e-parent\" data-id=\"ea5c78e\" data-element_type=\"container\" data-e-type=\"container\">\n\t\t\t\t\t<div class=\"e-con-inner\">\n\t\t\t\t<div class=\"elementor-element elementor-element-b33158b elementor-widget elementor-widget-text-editor\" data-id=\"b33158b\" data-element_type=\"widget\" data-e-type=\"widget\" data-widget_type=\"text-editor.default\">\n\t\t\t\t<div class=\"elementor-widget-container\">\n\t\t\t\t\t\t\t\t\t<h2>Informations conform\u00e9ment au \u00a7 5 TMG : <\/h2><p>J\u00fcrgen A. Messmer<br>Gro\u00dfherzog-Leopold-Platz 1<br>79359 Riegel am Kaiserstuhl<\/p><p>Num\u00e9ro d\u2019identification TVA : DE 141 925 936<\/p><h3>Contact :<\/h3><p>T\u00e9l\u00e9phone : +49 7642 920 162 10<br>E-mail : info@galerie-messmer.de<\/p><h2><strong>Exclusion de responsabilit\u00e9 \u2013 Disclaimer :<\/strong><\/h2><h3>Responsabilit\u00e9 pour les contenus<\/h3><p>Tous les contenus de notre site Internet ont \u00e9t\u00e9 cr\u00e9\u00e9s avec le plus grand soin et au mieux de nos connaissances. Nous ne pouvons toutefois garantir l\u2019exactitude, l\u2019exhaustivit\u00e9 et l\u2019actualit\u00e9 des contenus. En tant que prestataire de services, nous sommes responsables de nos propres contenus sur ces pages conform\u00e9ment au \u00a7 7 alin\u00e9a 1 de la TMG et aux lois g\u00e9n\u00e9rales. Conform\u00e9ment aux \u00a7\u00a7 8 \u00e0 10 de la TMG, nous ne sommes toutefois pas tenus, en tant que prestataire de services, de surveiller les informations transmises ou enregistr\u00e9es par des tiers, ni de rechercher les circonstances qui indiquent une activit\u00e9 ill\u00e9gale. Les obligations de suppression ou de blocage de l\u2019utilisation des informations conform\u00e9ment aux lois g\u00e9n\u00e9rales n\u2019en sont pas affect\u00e9es.     <\/p><p>Une responsabilit\u00e9 \u00e0 cet \u00e9gard n\u2019est toutefois possible qu\u2019\u00e0 partir du moment o\u00f9 une violation concr\u00e8te de la loi est port\u00e9e \u00e0 notre connaissance. D\u00e8s que nous aurons connaissance des violations de la loi susmentionn\u00e9es, nous supprimerons ces contenus imm\u00e9diatement. <\/p><h3>Limitation de responsabilit\u00e9 pour les liens externes<\/h3><p>Notre site web contient des liens vers des sites web externes de tiers. Nous n\u2019avons aucune influence sur le contenu de ces sites web directement ou indirectement li\u00e9s. Par cons\u00e9quent, nous ne pouvons pas non plus garantir l\u2019exactitude du contenu des \u00ab liens externes \u00bb. Les fournisseurs ou exploitants (auteurs) respectifs des pages sont responsables du contenu des liens externes.   <\/p><p>Les liens externes ont \u00e9t\u00e9 v\u00e9rifi\u00e9s au moment de la cr\u00e9ation des liens afin de d\u00e9tecter d\u2019\u00e9ventuelles violations de la loi et ne contenaient aucun contenu ill\u00e9gal au moment de la cr\u00e9ation des liens. Un contr\u00f4le permanent du contenu des liens externes n\u2019est pas possible sans indication concr\u00e8te d\u2019une violation de la loi. En cas de liens directs ou indirects vers des sites web de tiers qui se trouvent en dehors de notre domaine de responsabilit\u00e9, une obligation de responsabilit\u00e9 n\u2019existerait que si nous avions connaissance du contenu et s\u2019il nous \u00e9tait techniquement possible et raisonnable d\u2019emp\u00eacher l\u2019utilisation en cas de contenu ill\u00e9gal.  <\/p><p>Cette d\u00e9claration d\u2019exclusion de responsabilit\u00e9 s\u2019applique \u00e9galement aux liens et r\u00e9f\u00e9rences plac\u00e9s par les personnes posant des questions, les auteurs de blogs, les invit\u00e9s du forum de discussion au sein de notre propre site Internet \u00ab <em>Nom de votre domaine<\/em> \u00bb. Seul le prestataire de services de la page vers laquelle il est fait r\u00e9f\u00e9rence est responsable des contenus ill\u00e9gaux, erron\u00e9s ou incomplets et, en particulier, des dommages r\u00e9sultant de l\u2019utilisation ou de la non-utilisation des informations ainsi pr\u00e9sent\u00e9es, et non celui qui se contente de renvoyer \u00e0 la publication respective par le biais de liens. <\/p><p>Si nous prenons connaissance de violations de la loi, les liens externes seront imm\u00e9diatement supprim\u00e9s par nos soins.<\/p><h3>Droit d\u2019auteur<\/h3><p>Les contenus et \u0153uvres publi\u00e9s sur notre site web sont soumis au droit d\u2019auteur allemand (<a href=\"http:\/\/www.gesetze-im-internet.de\/bundesrecht\/urhg\/gesamt.pdf\" target=\"_blank\" rel=\"noopener noreferrer\" data-extlink=\"\">http:\/\/www.gesetze-im-internet.de\/bundesrecht\/urhg\/gesamt.pdf<\/a>). La reproduction, le traitement, la distribution et toute forme d\u2019exploitation de la propri\u00e9t\u00e9 intellectuelle de l\u2019auteur, que ce soit sur le plan id\u00e9al ou mat\u00e9riel, en dehors des limites du droit d\u2019auteur, n\u00e9cessitent l\u2019accord \u00e9crit pr\u00e9alable de l\u2019auteur respectif au sens de la loi sur le droit d\u2019auteur (<a href=\"http:\/\/www.gesetze-im-internet.de\/bundesrecht\/urhg\/gesamt.pdf\" target=\"_blank\" rel=\"noopener noreferrer\" data-extlink=\"\">http:\/\/www.gesetze-im-internet.de\/bundesrecht\/urhg\/gesamt.pdf<\/a>). Les t\u00e9l\u00e9chargements et copies de cette page ne sont autoris\u00e9s que pour un usage priv\u00e9 et non commercial. Si les contenus de notre site web n\u2019ont pas \u00e9t\u00e9 cr\u00e9\u00e9s par nos soins, les droits d\u2019auteur de tiers doivent \u00eatre respect\u00e9s. Les contenus de tiers sont identifi\u00e9s comme tels. Si vous deviez n\u00e9anmoins constater une violation du droit d\u2019auteur, nous vous prions de nous en informer. D\u00e8s que nous aurons connaissance de violations de la loi, nous supprimerons imm\u00e9diatement ces contenus.      <\/p><h2>Design et d\u00e9veloppement<\/h2><p><span style=\"text-decoration: underline;\"><a href=\"https:\/\/mymedia.design\" target=\"_blank\" rel=\"noopener\">MyMedia.Design<\/a><\/span><\/p>\t\t\t\t\t\t\t\t<\/div>\n\t\t\t\t<\/div>\n\t\t\t\t\t<\/div>\n\t\t\t\t<\/div>\n\t\t\t\t<\/div>\n\t\t","protected":false},"excerpt":{"rendered":"<p>Informations conform\u00e9ment au \u00a7 5 TMG : J\u00fcrgen A. MessmerGro\u00dfherzog-Leopold-Platz 179359 Riegel am Kaiserstuhl Num\u00e9ro d\u2019identification TVA : DE 141 925 936 Contact : T\u00e9l\u00e9phone : +49 7642 920 162 10E-mail : info@galerie-messmer.de Exclusion de responsabilit\u00e9 \u2013 Disclaimer : Responsabilit\u00e9 pour les contenus Tous les contenus de notre site Internet ont \u00e9t\u00e9 cr\u00e9\u00e9s avec le [&hellip;]<\/p>\n","protected":false},"author":2,"featured_media":0,"parent":0,"menu_order":0,"comment_status":"closed","ping_status":"closed","template":"","meta":{"iawp_total_views":0,"footnotes":""},"class_list":["post-2263","page","type-page","status-publish","hentry"],"yoast_head":"<!-- This site is optimized with the Yoast SEO plugin v27.5 - https:\/\/yoast.com\/product\/yoast-seo-wordpress\/ -->\n<title>Mentions l\u00e9gales - Andr\u00e9 Evard<\/title>\n<meta name=\"robots\" content=\"index, follow, max-snippet:-1, max-image-preview:large, max-video-preview:-1\" \/>\n<link rel=\"canonical\" href=\"https:\/\/andre-evard.de\/fr\/mentions-legales\/\" \/>\n<meta property=\"og:locale\" content=\"fr_FR\" \/>\n<meta property=\"og:type\" content=\"article\" \/>\n<meta property=\"og:title\" content=\"Mentions l\u00e9gales - Andr\u00e9 Evard\" \/>\n<meta property=\"og:description\" content=\"Informations conform\u00e9ment au \u00a7 5 TMG : J\u00fcrgen A. MessmerGro\u00dfherzog-Leopold-Platz 179359 Riegel am Kaiserstuhl Num\u00e9ro d\u2019identification TVA : DE 141 925 936 Contact : T\u00e9l\u00e9phone : +49 7642 920 162 10E-mail : info@galerie-messmer.de Exclusion de responsabilit\u00e9 \u2013 Disclaimer : Responsabilit\u00e9 pour les contenus Tous les contenus de notre site Internet ont \u00e9t\u00e9 cr\u00e9\u00e9s avec le [&hellip;]\" \/>\n<meta property=\"og:url\" content=\"https:\/\/andre-evard.de\/fr\/mentions-legales\/\" \/>\n<meta property=\"og:site_name\" content=\"Andr\u00e9 Evard\" \/>\n<meta property=\"article:modified_time\" content=\"2025-10-12T19:00:20+00:00\" \/>\n<meta name=\"twitter:card\" content=\"summary_large_image\" \/>\n<meta name=\"twitter:label1\" content=\"Dur\u00e9e de lecture estim\u00e9e\" \/>\n\t<meta name=\"twitter:data1\" content=\"4 minutes\" \/>\n<script type=\"application\/ld+json\" class=\"yoast-schema-graph\">{\"@context\":\"https:\\\/\\\/schema.org\",\"@graph\":[{\"@type\":\"WebPage\",\"@id\":\"https:\\\/\\\/andre-evard.de\\\/fr\\\/mentions-legales\\\/\",\"url\":\"https:\\\/\\\/andre-evard.de\\\/fr\\\/mentions-legales\\\/\",\"name\":\"Mentions l\u00e9gales - Andr\u00e9 Evard\",\"isPartOf\":{\"@id\":\"https:\\\/\\\/andre-evard.de\\\/fr\\\/#website\"},\"datePublished\":\"2025-04-13T17:51:25+00:00\",\"dateModified\":\"2025-10-12T19:00:20+00:00\",\"breadcrumb\":{\"@id\":\"https:\\\/\\\/andre-evard.de\\\/fr\\\/mentions-legales\\\/#breadcrumb\"},\"inLanguage\":\"fr-FR\",\"potentialAction\":[{\"@type\":\"ReadAction\",\"target\":[\"https:\\\/\\\/andre-evard.de\\\/fr\\\/mentions-legales\\\/\"]}]},{\"@type\":\"BreadcrumbList\",\"@id\":\"https:\\\/\\\/andre-evard.de\\\/fr\\\/mentions-legales\\\/#breadcrumb\",\"itemListElement\":[{\"@type\":\"ListItem\",\"position\":1,\"name\":\"Accueil\",\"item\":\"http:\\\/\\\/andre-evard.de\\\/fr\\\/\"},{\"@type\":\"ListItem\",\"position\":2,\"name\":\"Mentions l\u00e9gales\"}]},{\"@type\":\"WebSite\",\"@id\":\"https:\\\/\\\/andre-evard.de\\\/fr\\\/#website\",\"url\":\"https:\\\/\\\/andre-evard.de\\\/fr\\\/\",\"name\":\"Andr\u00e9 Evard\",\"description\":\"\",\"publisher\":{\"@id\":\"https:\\\/\\\/andre-evard.de\\\/fr\\\/#organization\"},\"potentialAction\":[{\"@type\":\"SearchAction\",\"target\":{\"@type\":\"EntryPoint\",\"urlTemplate\":\"https:\\\/\\\/andre-evard.de\\\/fr\\\/?s={search_term_string}\"},\"query-input\":{\"@type\":\"PropertyValueSpecification\",\"valueRequired\":true,\"valueName\":\"search_term_string\"}}],\"inLanguage\":\"fr-FR\"},{\"@type\":\"Organization\",\"@id\":\"https:\\\/\\\/andre-evard.de\\\/fr\\\/#organization\",\"name\":\"Andr\u00e9 Evard\",\"url\":\"https:\\\/\\\/andre-evard.de\\\/fr\\\/\",\"logo\":{\"@type\":\"ImageObject\",\"inLanguage\":\"fr-FR\",\"@id\":\"https:\\\/\\\/andre-evard.de\\\/fr\\\/#\\\/schema\\\/logo\\\/image\\\/\",\"url\":\"https:\\\/\\\/andre-evard.de\\\/wp-content\\\/uploads\\\/2025\\\/04\\\/Logo-AE-Black.svg\",\"contentUrl\":\"https:\\\/\\\/andre-evard.de\\\/wp-content\\\/uploads\\\/2025\\\/04\\\/Logo-AE-Black.svg\",\"width\":140,\"height\":30,\"caption\":\"Andr\u00e9 Evard\"},\"image\":{\"@id\":\"https:\\\/\\\/andre-evard.de\\\/fr\\\/#\\\/schema\\\/logo\\\/image\\\/\"}}]}<\/script>\n<!-- \/ Yoast SEO plugin. -->","yoast_head_json":{"title":"Mentions l\u00e9gales - Andr\u00e9 Evard","robots":{"index":"index","follow":"follow","max-snippet":"max-snippet:-1","max-image-preview":"max-image-preview:large","max-video-preview":"max-video-preview:-1"},"canonical":"https:\/\/andre-evard.de\/fr\/mentions-legales\/","og_locale":"fr_FR","og_type":"article","og_title":"Mentions l\u00e9gales - Andr\u00e9 Evard","og_description":"Informations conform\u00e9ment au \u00a7 5 TMG : J\u00fcrgen A. MessmerGro\u00dfherzog-Leopold-Platz 179359 Riegel am Kaiserstuhl Num\u00e9ro d\u2019identification TVA : DE 141 925 936 Contact : T\u00e9l\u00e9phone : +49 7642 920 162 10E-mail : info@galerie-messmer.de Exclusion de responsabilit\u00e9 \u2013 Disclaimer : Responsabilit\u00e9 pour les contenus Tous les contenus de notre site Internet ont \u00e9t\u00e9 cr\u00e9\u00e9s avec le [&hellip;]","og_url":"https:\/\/andre-evard.de\/fr\/mentions-legales\/","og_site_name":"Andr\u00e9 Evard","article_modified_time":"2025-10-12T19:00:20+00:00","twitter_card":"summary_large_image","twitter_misc":{"Dur\u00e9e de lecture estim\u00e9e":"4 minutes"},"schema":{"@context":"https:\/\/schema.org","@graph":[{"@type":"WebPage","@id":"https:\/\/andre-evard.de\/fr\/mentions-legales\/","url":"https:\/\/andre-evard.de\/fr\/mentions-legales\/","name":"Mentions l\u00e9gales - Andr\u00e9 Evard","isPartOf":{"@id":"https:\/\/andre-evard.de\/fr\/#website"},"datePublished":"2025-04-13T17:51:25+00:00","dateModified":"2025-10-12T19:00:20+00:00","breadcrumb":{"@id":"https:\/\/andre-evard.de\/fr\/mentions-legales\/#breadcrumb"},"inLanguage":"fr-FR","potentialAction":[{"@type":"ReadAction","target":["https:\/\/andre-evard.de\/fr\/mentions-legales\/"]}]},{"@type":"BreadcrumbList","@id":"https:\/\/andre-evard.de\/fr\/mentions-legales\/#breadcrumb","itemListElement":[{"@type":"ListItem","position":1,"name":"Accueil","item":"http:\/\/andre-evard.de\/fr\/"},{"@type":"ListItem","position":2,"name":"Mentions l\u00e9gales"}]},{"@type":"WebSite","@id":"https:\/\/andre-evard.de\/fr\/#website","url":"https:\/\/andre-evard.de\/fr\/","name":"Andr\u00e9 Evard","description":"","publisher":{"@id":"https:\/\/andre-evard.de\/fr\/#organization"},"potentialAction":[{"@type":"SearchAction","target":{"@type":"EntryPoint","urlTemplate":"https:\/\/andre-evard.de\/fr\/?s={search_term_string}"},"query-input":{"@type":"PropertyValueSpecification","valueRequired":true,"valueName":"search_term_string"}}],"inLanguage":"fr-FR"},{"@type":"Organization","@id":"https:\/\/andre-evard.de\/fr\/#organization","name":"Andr\u00e9 Evard","url":"https:\/\/andre-evard.de\/fr\/","logo":{"@type":"ImageObject","inLanguage":"fr-FR","@id":"https:\/\/andre-evard.de\/fr\/#\/schema\/logo\/image\/","url":"https:\/\/andre-evard.de\/wp-content\/uploads\/2025\/04\/Logo-AE-Black.svg","contentUrl":"https:\/\/andre-evard.de\/wp-content\/uploads\/2025\/04\/Logo-AE-Black.svg","width":140,"height":30,"caption":"Andr\u00e9 Evard"},"image":{"@id":"https:\/\/andre-evard.de\/fr\/#\/schema\/logo\/image\/"}}]}},"_links":{"self":[{"href":"https:\/\/andre-evard.de\/fr\/wp-json\/wp\/v2\/pages\/2263","targetHints":{"allow":["GET"]}}],"collection":[{"href":"https:\/\/andre-evard.de\/fr\/wp-json\/wp\/v2\/pages"}],"about":[{"href":"https:\/\/andre-evard.de\/fr\/wp-json\/wp\/v2\/types\/page"}],"author":[{"embeddable":true,"href":"https:\/\/andre-evard.de\/fr\/wp-json\/wp\/v2\/users\/2"}],"replies":[{"embeddable":true,"href":"https:\/\/andre-evard.de\/fr\/wp-json\/wp\/v2\/comments?post=2263"}],"version-history":[{"count":1,"href":"https:\/\/andre-evard.de\/fr\/wp-json\/wp\/v2\/pages\/2263\/revisions"}],"predecessor-version":[{"id":2265,"href":"https:\/\/andre-evard.de\/fr\/wp-json\/wp\/v2\/pages\/2263\/revisions\/2265"}],"wp:attachment":[{"href":"https:\/\/andre-evard.de\/fr\/wp-json\/wp\/v2\/media?parent=2263"}],"curies":[{"name":"wp","href":"https:\/\/api.w.org\/{rel}","templated":true}]}}